{"id":2483,"date":"2025-06-23T20:47:05","date_gmt":"2025-06-23T18:47:05","guid":{"rendered":"https:\/\/agercasamons.com\/?page_id=2483"},"modified":"2025-06-26T12:46:09","modified_gmt":"2025-06-26T10:46:09","slug":"politica-de-privacitat","status":"publish","type":"page","link":"https:\/\/agercasamons.com\/ca\/politica-de-privacitat\/","title":{"rendered":"Pol\u00edtica de Privacitat"},"content":{"rendered":"<p>[vc_row margin_top=&#8221;-30&#8243;][vc_column]<style type=\"text\/css\" data-type=\"the7_shortcodes-inline-css\">.dt-breadcrumbs-id-079c4da5c1d886a0801399ffd3938b5a .breadcrumbs {\n  display: inline-block;\n  margin: 0;\n  padding: 2px 10px 2px 10px;\n  background: #ffffff;\n  border: 0px solid ;\n  border-radius: 0px;\n}\n.dt-breadcrumbs-id-079c4da5c1d886a0801399ffd3938b5a .breadcrumbs * {\n  text-transform: uppercase;\n  color: #a2a5a6;\n}\n<\/style><div class=\"dt-breadcrumbs-shortcode dt-breadcrumbs-id-079c4da5c1d886a0801399ffd3938b5a align-left\"><div class=\"assistive-text\">You are here:<\/div><ol class=\"breadcrumbs text-small\" itemscope itemtype=\"https:\/\/schema.org\/BreadcrumbList\"><li itemprop=\"itemListElement\" itemscope itemtype=\"https:\/\/schema.org\/ListItem\"><a itemprop=\"item\" href=\"https:\/\/agercasamons.com\/ca\/\" title=\"Home\"><span itemprop=\"name\">Home<\/span><\/a><meta itemprop=\"position\" content=\"1\" \/><\/li><li class=\"current\" itemprop=\"itemListElement\" itemscope itemtype=\"https:\/\/schema.org\/ListItem\"><span itemprop=\"name\">P\u00e0gina<\/span><meta itemprop=\"position\" content=\"2\" \/><\/li><\/ol><\/div>[vc_empty_space height=&#8221;30px&#8221;]<div class=\"dt-fancy-separator h2-size\" style=\"width: 100%;\"><div class=\"dt-fancy-title\" style=\"color: #000000;\"><span class=\"separator-holder separator-left\"><\/span>Pol\u00edtica de Privacitat<span class=\"separator-holder separator-right\"><\/span><\/div><\/div>[vc_empty_space height=&#8221;35px&#8221;][\/vc_column][\/vc_row][vc_row][vc_column css=&#8221;.vc_custom_1582143587851{padding-right: 10% !important;padding-left: 10% !important;}&#8221;][vc_column_text]<strong>I. POL\u00cdTICA DE PRIVACITAT I PROTECCI\u00d3 DE DADES<br \/>\n<\/strong>Respectant el que s\u2019estableix en la legislaci\u00f3 vigent, \u00c0ger Casa Mons (d\u2019ara endavant, tamb\u00e9 Lloc web) es compromet a adoptar les mesures t\u00e8cniques i organitzatives necess\u00e0ries, segons el nivell de seguretat adequat al risc de les dades recollides.<\/p>\n<p>&nbsp;<\/p>\n<p><strong>Lleis que incorpora aquesta pol\u00edtica de privacitat<\/strong><br \/>\nAquesta pol\u00edtica de privacitat est\u00e0 adaptada a la normativa espanyola i europea vigent en mat\u00e8ria de protecci\u00f3 de dades personals en internet. En concret, la mateixa respecta les seg\u00fcents normes:<\/p>\n<p>-El Reglament (UE) 2016\/679 del Parlament Europeu i del Consell, de 27 d\u2019abril de 2016, relatiu a la protecci\u00f3 de les persones f\u00edsiques pel que fa al tractament de dades personals i a la lliure circulaci\u00f3 d\u2019aquestes dades (RGPD).<\/p>\n<p>-La Llei org\u00e0nica 3\/2018, de 5 de desembre, de Protecci\u00f3 de Dades Personals i garantia dels drets digitals (LOPD-*GDD).<\/p>\n<p>-El Reial decret 1720\/2007, de 21 de desembre, pel qual s\u2019aprova el Reglament de desenvolupament de la Llei org\u00e0nica 15\/1999, de 13 de desembre, de Protecci\u00f3 de Dades de Car\u00e0cter Personal (RDLOPD).<\/p>\n<p>-La Llei 34\/2002, d\u201911 de juliol, de Serveis de la Societat de la Informaci\u00f3 i de Comer\u00e7 Electr\u00f2nic (LSSI-CE).<\/p>\n<p>&nbsp;<\/p>\n<p><strong>Registre de Dades de Car\u00e0cter Personal<\/strong><br \/>\nEn compliment del que s\u2019estableix en el RGPD i la LOPD-*GDD, l\u2019informem que les dades personals recaptades per \u00c0ger Casa Mons, mitjan\u00e7ant els formularis estesos en les seves p\u00e0gines quedaran incorporats i seran tractats en el nostre fitxer amb la finalitat de poder facilitar, agilitar i complir els compromisos establerts entre Ager Casa Mons i l\u2019Usuari o el manteniment de la relaci\u00f3 que s\u2019estableixi en els formularis que aquest empleni, o per a atendre una sol\u00b7licitud o consulta d\u2019aquest.<\/p>\n<p>Aix\u00ed mateix, de conformitat amb el que es preveu en el RGPD i la LOPD-*GDD, tret que sigui aplicable l\u2019excepci\u00f3 prevista en l\u2019article 30.5 del RGPD, es mantine un registre d\u2019activitats de tractament que especifica, segons les seves finalitats, les activitats de tractament dutes a terme i les altres circumst\u00e0ncies establertes en el RGPD.<\/p>\n<p>&nbsp;<\/p>\n<p><strong>Principis aplicables al tractament dels dades personals<\/strong><br \/>\nEl tractament dels dades personals de l\u2019Usuari es sotmetr\u00e0 als seg\u00fcents principis recollits en l\u2019article 5 del RGPD i en l\u2019article 4 i seg\u00fcents de la Llei org\u00e0nica 3\/2018, de 5 de desembre, de Protecci\u00f3 de Dades Personals i garantia dels drets digitals:<\/p>\n<p>\u2013<em>Principi de licitud, lleialtat i transpar\u00e8ncia:<\/em>\u00a0es requerir\u00e0 en tot moment el consentiment de l\u2019Usuari pr\u00e8via informaci\u00f3 completament transparent dels fins per als quals es recullen les dades personals.<\/p>\n<p>\u2013<em>Principi de limitaci\u00f3 de la finalitat:<\/em>\u00a0les dades personals seran recollits amb finalitats determinats, expl\u00edcits i leg\u00edtims.<\/p>\n<p>\u2013<em>Principi de minimitzaci\u00f3 de dades:<\/em>\u00a0les dades personals recollits seran \u00fanicament els estrictament necessaris en relaci\u00f3 amb els fins per als quals s\u00f3n tractats.<\/p>\n<p>\u2013<em>Principi d\u2019exactitud:<\/em>\u00a0les dades personals han de ser exactes i estar sempre actualitzats.<\/p>\n<p>\u2013<em>Principi de limitaci\u00f3 del termini de conservaci\u00f3:<\/em>\u00a0les dades personals nom\u00e9s seran mantinguts de manera que es permeti la identificaci\u00f3 de l\u2019Usuari durant el temps necessari per als fins del seu tractament.<\/p>\n<p>\u2013<em>Principi d\u2019integritat i confidencialitat:<\/em>\u00a0les dades personals seran tractats de manera que es garanteixi la seva seguretat i confidencialitat.<\/p>\n<p>\u2013<em>Principi de responsabilitat proactiva:<\/em>\u00a0el Responsable del tractament ser\u00e0 responsable d\u2019assegurar que els principis anteriors es compleixen.<\/p>\n<p>&nbsp;<\/p>\n<p><strong>Categories de dades personals<\/strong><br \/>\nLes categories de dades que es tracten en \u00c0ger Casa Mons s\u00f3n \u00fanicament dades identificatives. En cap cas, es tracten categories especials de dades personals en el sentit de l\u2019article 9 del RGPD.<\/p>\n<p>&nbsp;<\/p>\n<p><strong>Base legal per al tractament de les dades personals<\/strong><br \/>\nLa base legal per al tractament de les dades personals \u00e9s el consentiment. \u00c0ger Casa Mons es compromet a recaptar el consentiment expr\u00e9s i verificable de l\u2019Usuari per al tractament de les seves dades personals per a un o diversos fins espec\u00edfics.<\/p>\n<p>L\u2019Usuari tindr\u00e0 dret a retirar el seu consentiment en qualsevol moment. Ser\u00e0 tan f\u00e0cil retirar el consentiment com donar-lo. Com a regla general, la retirada del consentiment no condicionar\u00e0 l\u2019\u00fas del Lloc web.<\/p>\n<p>En les ocasions en les quals l\u2019Usuari degui o pugui facilitar les seves dades a trav\u00e9s de formularis per a realitzar consultes, sol\u00b7licitar informaci\u00f3 o per motius relacionats amb el contingut del Lloc web, se l\u2019informar\u00e0 en cas que l\u2019emplenament d\u2019algun d\u2019ells sigui obligat\u00f2ria pel fet que els mateixos siguin imprescindibles per al correcte desenvolupament de l\u2019operaci\u00f3 realitzada.<\/p>\n<p>&nbsp;<\/p>\n<p><strong>Fins del tractament a qu\u00e8 es destinen les dades personals<\/strong><br \/>\nLes dades personals s\u00f3n recaptats i gestionats per \u00c0ger Casa Mons amb la finalitat de poder facilitar, agilitar i complir els compromisos establerts entre el Lloc web i l\u2019Usuari o el manteniment de la relaci\u00f3 que s\u2019estableixi en els formularis que aquest \u00faltim empleni o per a atendre una sol\u00b7licitud o consulta.<\/p>\n<p>Igualment, les dades podran ser utilitzats amb una finalitat comercial de personalitzaci\u00f3, operativa i estad\u00edstica, i activitats pr\u00f2pies de l\u2019objecte social de \u00c0ger Casa Mons, aix\u00ed com per a l\u2019extracci\u00f3, emmagatzematge de dades i estudis de m\u00e0rqueting per a adequar el Contingut ofert a l\u2019Usuari, aix\u00ed com millorar la qualitat, funcionament i navegaci\u00f3 pel Lloc web.<\/p>\n<p>En el moment en qu\u00e8 s\u2019obtinguin les dades personals, s\u2019informar\u00e0 l\u2019Usuari sobre la fi o fins espec\u00edfics del tractament a qu\u00e8 es destinaran les dades personals; \u00e9s a dir, de l\u2019\u00fas o usos que es donar\u00e0 a la informaci\u00f3 recopilada.<\/p>\n<p>&nbsp;<\/p>\n<p><strong>Per\u00edodes de retenci\u00f3 de les dades personals<\/strong><br \/>\nLes dades personals nom\u00e9s seran retinguts durant el temps m\u00ednim necessari per als fins del seu tractament i, en tot cas, \u00fanicament durant el seg\u00fcent termini: 48 mesos, o fins que l\u2019Usuari sol\u00b7liciti la seva supressi\u00f3.<\/p>\n<p>En el moment en qu\u00e8 s\u2019obtinguin les dades personals, s\u2019informar\u00e0 l\u2019Usuari sobre el termini durant el qual es conservaran les dades personals o, quan aix\u00f2 no sigui possible, els criteris utilitzats per a determinar aquest termini.<\/p>\n<p>&nbsp;<\/p>\n<p><strong>Destinataris de les dades personals<\/strong><br \/>\nLes dades personals de l\u2019Usuari no seran compartits amb tercers.<\/p>\n<p>En qualsevol cas, en el moment en qu\u00e8 s\u2019obtinguin les dades personals, s\u2019informar\u00e0 l\u2019Usuari sobre els destinataris o les categories de destinataris de les dades personals.<\/p>\n<p>&nbsp;<\/p>\n<p><strong>Dades personals de menors d\u2019edat<\/strong><br \/>\nRespectant el que s\u2019estableix en els articles 8 del RGPD i 7 de la Llei org\u00e0nica 3\/2018, de 5 de desembre, de Protecci\u00f3 de Dades Personals i garantia dels drets digitals, nom\u00e9s els majors de 14 anys podran atorgar el seu consentiment per al tractament de les seves dades personals de manera l\u00edcita per \u00c0ger Casa Mons.<\/p>\n<p>Si es tracta d\u2019un menor de 14 anys, ser\u00e0 necessari el consentiment dels pares o tutors per al tractament, i aquest solo es considerar\u00e0 l\u00edcit en la mesura en la qual els mateixos l\u2019hagin autoritzat.<\/p>\n<p>&nbsp;<\/p>\n<p><strong>Secret i seguretat de les dades personals<\/strong><br \/>\n\u00c0ger Casa Mons es compromet a adoptar les mesures t\u00e8cniques i organitzatives necess\u00e0ries, segons el nivell de seguretat adequat al risc de les dades recollides, de manera que es garanteixi la seguretat de les dades de car\u00e0cter personal i s\u2019eviti la destrucci\u00f3, p\u00e8rdua o alteraci\u00f3 accidental o il\u00b7l\u00edcita de dades personals transmeses, conservats o tractats d\u2019una altra forma, o la comunicaci\u00f3 o acc\u00e9s no autoritzats a aquestes dades.<\/p>\n<p>El Lloc web compta amb un certificat SSL (Secure Socket Layer), que assegura que les dades personals es transmeten de manera segura i confidencial, a l\u2019\u00e9sser la transmissi\u00f3 de les dades entre el servidor i l\u2019Usuari, i en retroalimentaci\u00f3, totalment xifrada o encriptada. No obstant aix\u00f2, pel fet que \u00c0ger Casa Mons no pot garantir la inexpugabilidad d\u2019internet ni l\u2019abs\u00e8ncia total de hackers o altres que accedeixin de manera fraudulenta a les dades personals, el Responsable del tractament es compromet a comunicar a l\u2019Usuari sense dilaci\u00f3 indeguda quan ocorri una violaci\u00f3 de la seguretat de les dades personals que sigui probable que comporti un alt risc per als drets i llibertats de les persones f\u00edsiques.<\/p>\n<p>Seguint el que s\u2019estableix en l\u2019article 4 del RGPD, s\u2019ent\u00e9n per violaci\u00f3 de la seguretat de les dades personals tota violaci\u00f3 de la seguretat que ocasioni la destrucci\u00f3, p\u00e8rdua o alteraci\u00f3 accidental o il\u00b7l\u00edcita de dades personals transmeses, conservats o tractats d\u2019una altra forma, o la comunicaci\u00f3 o acc\u00e9s no autoritzats a aquestes dades.<\/p>\n<p>Les dades personals seran tractats com a confidencials pel Responsable del tractament, qui es compromet a informar d\u2019i a garantir per mitj\u00e0 d\u2019una obligaci\u00f3 legal o contractual que aquesta confidencialitat sigui respectada pels seus empleats, associats, i tota persona a la qual li faci accessible la informaci\u00f3.<\/p>\n<p>&nbsp;<\/p>\n<p><strong>Drets derivats del tractament de les dades personals<\/strong><br \/>\nL\u2019Usuari t\u00e9 sobre \u00c0ger Casa Mons i podr\u00e0, per tant, exercir enfront del Responsable del tractament els seg\u00fcents drets reconeguts en el RGPD i la Llei org\u00e0nica 3\/2018, de 5 de desembre, de Protecci\u00f3 de Dades Personals i garantia dels drets digitals:<\/p>\n<p>\u2013<em>Dret d\u2019acc\u00e9s:<\/em> \u00c9s el dret de l\u2019Usuari a obtenir confirmaci\u00f3 de si \u00c0ger Casa Mons est\u00e0 tractant o no les seves dades personals i, en cas afirmatiu, obtenir informaci\u00f3 sobre les seves dades concretes de car\u00e0cter personal i del tractament que \u00c0ger Casa Mons hagi realitzat o realitzi, aix\u00ed com, entre una altra, de la informaci\u00f3 disponible sobre l\u2019origen d\u2019aquestes dades i els destinataris de les comunicacions realitzades o previstes d\u2019aquests.<\/p>\n<p><em>-Dret de rectificaci\u00f3<\/em>: \u00c9s el dret de l\u2019Usuari al fet que es modifiquin les seves dades personals que resultin ser inexactes o, tenint en compte els fins del tractament, incomplets.<\/p>\n<p><em>-Dret de supressi\u00f3 (\\\u00bbel dret a l\u2019oblit\\\u00bb):<\/em>\u00a0\u00c9s el dret de l\u2019Usuari, sempre que la legislaci\u00f3 vigent no estableixi el contrari, a obtenir la supressi\u00f3 de les seves dades personals quan aquests ja no siguin necessaris per als fins per als quals van ser recollits o tractats; l\u2019Usuari hagi retirat el seu consentiment al tractament i aquest no compti amb una altra base legal; l\u2019Usuari s\u2019oposi al tractament i no existeixi un altre motiu leg\u00edtim per a continuar amb aquest; les dades personals hagin estat tractats il\u00edcitamentemente; les dades personals hagin de suprimir-se en compliment d\u2019una obligaci\u00f3 legal; o les dades personals hagin estat obtinguts producte d\u2019una oferta directa de serveis de la societat de la informaci\u00f3 a un menor de 14 anys. A m\u00e9s de suprimir les dades, el Responsable del tractament, tenint en compte la tecnologia disponible i el cost de la seva aplicaci\u00f3, haur\u00e0 d\u2019adoptar mesures raonables per a informar els responsables que estiguin tractant les dades personals de la sol\u00b7licitud de l\u2019interessat de supressi\u00f3 de qualsevol enlla\u00e7 a aquestes dades personals.<\/p>\n<p>\u2013<em>Dret a la limitaci\u00f3 del tractament:<\/em>\u00a0\u00c9s el dret de l\u2019Usuari a limitar el tractament de les seves dades personals. L\u2019Usuari t\u00e9 dret a obtenir la limitaci\u00f3 del tractament quan impugni l\u2019exactitud de les seves dades personals; el tractament sigui il\u00b7l\u00edcit; el Responsable del tractament ja no necessiti les dades personals, per\u00f2 l\u2019Usuari el necessiti per a fer reclamacions; i quan l\u2019Usuari s\u2019hagi oposat al tractament.<\/p>\n<p>\u2013<em>Dret a la portabilitat de les dades:<\/em>\u00a0En cas que el tractament s\u2019efectu\u00ef per mitjans automatitzats, l\u2019Usuari tindr\u00e0 dret a rebre del Responsable del tractament les seves dades personals en un format estructurat, d\u2019\u00fas com\u00fa i lectura mec\u00e0nica, i a transmetre\u2019ls a un altre responsable del tractament. Sempre que sigui t\u00e8cnicament possible, el Responsable del tractament transmetr\u00e0 directament les dades a aquest altre responsable.<\/p>\n<p>\u2013<em>Dret d\u2019oposici\u00f3:<\/em> \u00c9s el dret de l\u2019Usuari al fet que no es dugui a terme el tractament de les seves dades de car\u00e0cter personal o se cessi el tractament dels mateixos per part de \u00c0ger Casa Mons.<\/p>\n<p>\u2013<em>Dret a no ser a no ser objecte d\u2019una decisi\u00f3 basada \u00fanicament en el tractament automatitzat, inclosa l\u2019elaboraci\u00f3 de perfils:<\/em>\u00a0\u00c9s el dret de l\u2019Usuari a no ser objecte d\u2019una decisi\u00f3 individualitzada basada \u00fanicament en el tractament automatitzat de les seves dades personals, inclosa l\u2019elaboraci\u00f3 de perfils, existent tret que la legislaci\u00f3 vigent estableixi el contrari.<\/p>\n<p>Aix\u00ed doncs, l\u2019Usuari podr\u00e0 exercitar els seus drets mitjan\u00e7ant comunicaci\u00f3 escrita dirigida al Responsable del tractament amb la refer\u00e8ncia \\\u00bbRgpd-AgerCasaMons\\\u00bb, especificant:<\/p>\n<p>-Nom, cognoms de l\u2019Usuari i c\u00f2pia del DNI. En els casos en qu\u00e8 s\u2019admeti la representaci\u00f3, ser\u00e0 tamb\u00e9 necess\u00e0ria la identificaci\u00f3 pel mateix mitj\u00e0 de la persona que representa a l\u2019Usuari, aix\u00ed com el document acreditatiu de la representaci\u00f3. La fotoc\u00f2pia del DNI podr\u00e0 ser substitu\u00efda, per qualsevol altre mitj\u00e0 v\u00e0lid en dret que acrediti la identitat.Petici\u00f3 amb els motius espec\u00edfics de la sol\u00b7licitud o informaci\u00f3 a la qual es vol accedir.<br \/>\n-Domicili a efecte de notificacions.<br \/>\n-Data i signatura del sol\u00b7licitant.<br \/>\n-Tot document que acrediti la petici\u00f3 que formula.<\/p>\n<p>&nbsp;<\/p>\n<p>Aquesta sol\u00b7licitud i tot un altre document adjunt podr\u00e0 enviar-se a la seg\u00fcent adre\u00e7a i\/o correu electr\u00f2nic:<br \/>\nAdre\u00e7a: Carrer Sant Mart\u00ed 5, 25691 \u00c0ger (Lleida)<br \/>\nCorreu electr\u00f2nic: reservas@agercasamons.com<\/p>\n<p>&nbsp;<\/p>\n<p><strong>Enlla\u00e7os a llocs web de tercers<\/strong><br \/>\nEl Lloc web pot incloure enlla\u00e7os o enlla\u00e7os que permeten accedir a p\u00e0gines web de tercers diferents de \u00c0ger Casa Mons, i que per tant no s\u00f3n operats per \u00c0ger Casa Mons.<\/p>\n<p>Els titulars d\u2019aquests llocs web disposaran de les seves pr\u00f2pies pol\u00edtiques de protecci\u00f3 de dades, sent ells mateixos, en cada cas,<br \/>\nresponsables dels seus propis fitxers i de les seves pr\u00f2pies pr\u00e0ctiques de privacitat.<\/p>\n<p>&nbsp;<\/p>\n<p><strong>Reclamacions davant l\u2019autoritat de control<\/strong><br \/>\nEn cas que l\u2019Usuari consideri que existeix un problema o infracci\u00f3 de la normativa vigent en la forma en la qual s\u2019estan tractant les seves dades personals, tindr\u00e0 dret a la tutela judicial efectiva i a presentar una reclamaci\u00f3 davant una autoritat de control, en particular, en l\u2019Estat en el qual tingui la seva resid\u00e8ncia habitual, lloc de treball o lloc de la suposada infracci\u00f3. En el cas d\u2019Espanya, l\u2019autoritat de control \u00e9s l\u2019Ag\u00e8ncia Espanyola de Protecci\u00f3 de Dades (http:\/\/www.agpd.es).<\/p>\n<p>&nbsp;<\/p>\n<p><strong>II. ACCEPTACI\u00d3 I CANVIS EN AQUESTA POL\u00cdTICA DE PRIVACITAT<\/strong><br \/>\n\u00c9s necessari que l\u2019Usuari hagi llegit i estigui conforme amb les condicions sobre la protecci\u00f3 de dades de car\u00e0cter personal contingudes en aquesta Pol\u00edtica de Privacitat, aix\u00ed com que accepti el tractament de les seves dades personals perqu\u00e8 el Responsable del tractament pugui procedir al mateix en la forma, durant<br \/>\nels terminis i per a les finalitats indicades. L\u2019\u00fas del Lloc web implicar\u00e0 l\u2019acceptaci\u00f3 de la Pol\u00edtica de Privacitat d\u2019aquest.<\/p>\n<p>\u00c0ger Casa Mons es reserva el dret a modificar la seva Pol\u00edtica de Privacitat, d\u2019acord amb el seu propi criteri, o motivat per un canvi legislatiu, jurisprudencial o doctrinal de l\u2019Ag\u00e8ncia Espanyola de Protecci\u00f3 de Dades. Els canvis o actualitzacions d\u2019aquesta Pol\u00edtica de Privacitat no seran notificats de manera expl\u00edcita a l\u2019Usuari. Es recomana a l\u2019Usuari consultar aquesta p\u00e0gina de manera peri\u00f2dica per a estar al corrent dels \u00faltims canvis o actualitzacions.<\/p>\n<p>Aquesta Pol\u00edtica de Privacitat va ser actualitzada per a adaptar-se al Reglament (UE) 2016\/679 del Parlament Europeu i del Consell, de 27 d\u2019abril de 2016, relatiu a la protecci\u00f3 de les persones f\u00edsiques pel que fa al tractament de dades personals i a la lliure circulaci\u00f3 d\u2019aquestes dades (RGPD) i a la Llei org\u00e0nica 3\/2018, de 5 de desembre, de Protecci\u00f3 de Dades Personals i garantia dels drets digitals.[\/vc_column_text][\/vc_column][\/vc_row]<\/p>\n","protected":false},"excerpt":{"rendered":"<p>[vc_row margin_top=&#8221;-30&#8243;][vc_column][vc_empty_space height=&#8221;30px&#8221;][vc_empty_space height=&#8221;35px&#8221;][\/vc_column][\/vc_row][vc_row][vc_column css=&#8221;.vc_custom_1582143587851{padding-right: 10% !important;padding-left: 10% !important;}&#8221;][vc_column_text]I. POL\u00cdTICA DE PRIVACITAT I PROTECCI\u00d3 DE DADES Respectant el que s\u2019estableix en la legislaci\u00f3 vigent, \u00c0ger Casa Mons (d\u2019ara endavant, tamb\u00e9 Lloc web) es compromet a adoptar les mesures t\u00e8cniques i organitzatives necess\u00e0ries, segons el nivell de seguretat adequat al risc de les dades recollides. &nbsp;&hellip;<\/p>\n","protected":false},"author":6,"featured_media":0,"parent":0,"menu_order":0,"comment_status":"closed","ping_status":"closed","template":"","meta":{"footnotes":""},"class_list":["post-2483","page","type-page","status-publish","hentry","description-off"],"_links":{"self":[{"href":"https:\/\/agercasamons.com\/ca\/wp-json\/wp\/v2\/pages\/2483","targetHints":{"allow":["GET"]}}],"collection":[{"href":"https:\/\/agercasamons.com\/ca\/wp-json\/wp\/v2\/pages"}],"about":[{"href":"https:\/\/agercasamons.com\/ca\/wp-json\/wp\/v2\/types\/page"}],"author":[{"embeddable":true,"href":"https:\/\/agercasamons.com\/ca\/wp-json\/wp\/v2\/users\/6"}],"replies":[{"embeddable":true,"href":"https:\/\/agercasamons.com\/ca\/wp-json\/wp\/v2\/comments?post=2483"}],"version-history":[{"count":5,"href":"https:\/\/agercasamons.com\/ca\/wp-json\/wp\/v2\/pages\/2483\/revisions"}],"predecessor-version":[{"id":2521,"href":"https:\/\/agercasamons.com\/ca\/wp-json\/wp\/v2\/pages\/2483\/revisions\/2521"}],"wp:attachment":[{"href":"https:\/\/agercasamons.com\/ca\/wp-json\/wp\/v2\/media?parent=2483"}],"curies":[{"name":"wp","href":"https:\/\/api.w.org\/{rel}","templated":true}]}}